{"id":17763,"date":"2021-01-27T10:26:20","date_gmt":"2021-01-27T13:26:20","guid":{"rendered":"http:\/\/altinho.pe.gov.br\/v1\/?page_id=17763"},"modified":"2025-01-03T11:15:30","modified_gmt":"2025-01-03T14:15:30","slug":"o-vice-prefeito","status":"publish","type":"page","link":"https:\/\/altinho.pe.gov.br\/v1\/o-vice-prefeito\/","title":{"rendered":"O VICE-PREFEITO"},"content":{"rendered":"\n<div class=\"wp-block-group\"><div class=\"wp-block-group__inner-container is-layout-flow wp-block-group-is-layout-flow\">\n<p><a href=\"https:\/\/altinho.pe.gov.br\/v1\/wp-content\/uploads\/2025\/01\/ADNAILSON-VICE.png\"><img loading=\"lazy\" decoding=\"async\" class=\"img-responsive alignleft\" style=\"margin: 0px 10px 0px 0px;\" src=\"https:\/\/altinho.pe.gov.br\/v1\/wp-content\/uploads\/2025\/01\/ADNAILSON-VICE.png\" alt=\"\" width=\"370\" height=\"493\"><\/a><strong>NOME COMPLETO:<\/strong> Adnailson Pedro Barbosa Da Silva<br><strong>DATA DE NASCIMENTO:<\/strong> 01\/11\/1991<br><strong>NATURALIDADE:<\/strong> Altinho \u2013 PE<\/p>\n<p><strong>SOBRE O VICE PREFEITO:<\/strong> Adnailson \u00e9 formado em gest\u00e3o p\u00fablica pela UNOPAR. Trabalhou na empresa Soservi \u2013 Solu\u00e7\u00f5es em Terceiriza\u00e7\u00e3o e no Hospital Regional do Agreste. Na Administra\u00e7\u00e3o p\u00fablica exerceu a fun\u00e7\u00e3o de Diretor de Transporte Escolar, Diretor de Compras e mais recentemente ocupou o cargo de Secret\u00e1rio de Finan\u00e7as. Adnailson Barbosa \u00e9 servidor efetivo do munic\u00edpio de Altinho.<\/p>\n<p><strong>O vice-prefeito \u00e9 o segundo em exerc\u00edcio no cargo do Executivo Municipal. Dentre as principais atribui\u00e7\u00f5es est\u00e3o: substituir o prefeito no caso de aus\u00eancia. Auxiliar o prefeito sempre que for por ele convocado para miss\u00f5es especiais. Cumprir e fazer cumprir, de acordo com as instru\u00e7\u00f5es recebidas do prefeito, as leis, resolu\u00e7\u00f5es, regulamentos e demais atos da chefia do Executivo Municipal. O Vice tem um papel pol\u00edtico e de gest\u00e3o auxiliando na supervis\u00e3o e controle da pr\u00f3pria administra\u00e7\u00e3o.<\/strong><\/p>\n<p>&nbsp;<\/p>\n<p><strong>GOVERNO MUNICIPAL &#8211; PODER EXECUTIVO<\/strong><br>Rua Dr. Nestor Varej\u00e3o, 51 &#8211; Centro | Altinho &#8211; PE | CEP 55.490-000<br>Hor\u00e1rio de Atendimento ao P\u00fablico: 07:30h \u00e0s 13h<br>Contato: (81) 3739-1118<br>e-Mail: gabinetedoprefeito@altinho.pe.gov.br<br><img loading=\"lazy\" decoding=\"async\" class=\"img-responsive alignnone wp-image-7962 size-large\" src=\"https:\/\/altinho.pe.gov.br\/v1\/wp-content\/uploads\/2018\/01\/linhas-1-750x29.png\" alt=\"\" width=\"750\" height=\"29\" srcset=\"https:\/\/altinho.pe.gov.br\/v1\/wp-content\/uploads\/2018\/01\/linhas-1-750x29.png 750w, https:\/\/altinho.pe.gov.br\/v1\/wp-content\/uploads\/2018\/01\/linhas-1-150x6.png 150w, https:\/\/altinho.pe.gov.br\/v1\/wp-content\/uploads\/2018\/01\/linhas-1-300x12.png 300w, https:\/\/altinho.pe.gov.br\/v1\/wp-content\/uploads\/2018\/01\/linhas-1-768x30.png 768w, https:\/\/altinho.pe.gov.br\/v1\/wp-content\/uploads\/2018\/01\/linhas-1.png 798w\" sizes=\"auto, (max-width: 750px) 100vw, 750px\" \/><\/p>\n<\/div><\/div>\n\n\n\n<p><\/p>\n","protected":false},"excerpt":{"rendered":"<p>NOME COMPLETO: Adnailson Pedro Barbosa Da SilvaDATA DE NASCIMENTO: 01\/11\/1991NATURALIDADE: Altinho \u2013 PE SOBRE O VICE PREFEITO: Adnailson \u00e9 formado em gest\u00e3o p\u00fablica pela UNOPAR. Trabalhou na empresa Soservi \u2013 Solu\u00e7\u00f5es em <a class=\"leiamais\" href=\"https:\/\/altinho.pe.gov.br\/v1\/o-vice-prefeito\/\">LEIA MAIS <i class=\"fa fa-angle-double-right\" aria-hidden=\"true\"><\/i><br \/>\n<\/a><\/p>\n","protected":false},"author":2,"featured_media":0,"parent":0,"menu_order":0,"comment_status":"closed","ping_status":"closed","template":"","meta":{"footnotes":""},"class_list":["post-17763","page","type-page","status-publish","hentry","active"],"_links":{"self":[{"href":"https:\/\/altinho.pe.gov.br\/v1\/wp-json\/wp\/v2\/pages\/17763","targetHints":{"allow":["GET"]}}],"collection":[{"href":"https:\/\/altinho.pe.gov.br\/v1\/wp-json\/wp\/v2\/pages"}],"about":[{"href":"https:\/\/altinho.pe.gov.br\/v1\/wp-json\/wp\/v2\/types\/page"}],"author":[{"embeddable":true,"href":"https:\/\/altinho.pe.gov.br\/v1\/wp-json\/wp\/v2\/users\/2"}],"replies":[{"embeddable":true,"href":"https:\/\/altinho.pe.gov.br\/v1\/wp-json\/wp\/v2\/comments?post=17763"}],"version-history":[{"count":7,"href":"https:\/\/altinho.pe.gov.br\/v1\/wp-json\/wp\/v2\/pages\/17763\/revisions"}],"predecessor-version":[{"id":34248,"href":"https:\/\/altinho.pe.gov.br\/v1\/wp-json\/wp\/v2\/pages\/17763\/revisions\/34248"}],"wp:attachment":[{"href":"https:\/\/altinho.pe.gov.br\/v1\/wp-json\/wp\/v2\/media?parent=17763"}],"curies":[{"name":"wp","href":"https:\/\/api.w.org\/{rel}","templated":true}]}}